{"id":2796,"date":"2018-02-09T15:52:14","date_gmt":"2018-02-09T18:52:14","guid":{"rendered":"https:\/\/www.hbvaldivia.cl\/portal\/?page_id=2796"},"modified":"2025-11-24T10:29:59","modified_gmt":"2025-11-24T13:29:59","slug":"inscripcion-en-base-de-datos-de-reemplazos","status":"publish","type":"page","link":"https:\/\/www.hbvaldivia.cl\/portal\/index.php\/inscripcion-en-base-de-datos-de-reemplazos\/","title":{"rendered":"Inscripci\u00f3n en Base de Datos de Reemplazos"},"content":{"rendered":"\t\t<div data-elementor-type=\"wp-page\" data-elementor-id=\"2796\" class=\"elementor elementor-2796\">\n\t\t\t\t\t\t<section class=\"elementor-section elementor-top-section elementor-element elementor-element-10955d58 elementor-section-boxed elementor-section-height-default elementor-section-height-default\" data-id=\"10955d58\" data-element_type=\"section\">\n\t\t\t\t\t\t<div class=\"elementor-container elementor-column-gap-default\">\n\t\t\t\t\t<div class=\"elementor-column elementor-col-100 elementor-top-column elementor-element elementor-element-51ea1fa7\" data-id=\"51ea1fa7\" data-element_type=\"column\">\n\t\t\t<div class=\"elementor-widget-wrap elementor-element-populated\">\n\t\t\t\t\t\t<div class=\"elementor-element elementor-element-6d9bd6ab elementor-widget elementor-widget-text-editor\" data-id=\"6d9bd6ab\" data-element_type=\"widget\" data-widget_type=\"text-editor.default\">\n\t\t\t\t<div class=\"elementor-widget-container\">\n\t\t\t\t\t\t\t\t\t<section class=\"staff-reemplazos py-5 bg-light\">\n<div class=\"container\">\n<p class=\"text-center fs-5 text-dark fw-semibold mb-4\">Te invitamos a formar parte de nuestro <strong>Staff de Reemplazos en Hospital Base Valdivia<\/strong>.<br \/>\nPara ello, debes registrar tus antecedentes y anexar tus documentos en el<br \/>\n<strong class=\"text-primary text-decoration-underline\">Formulario de Inscripci\u00f3n en L\u00ednea<\/strong>.<br \/>\nEstos ser\u00e1n recepcionados por el <em>Subdepartamento Reclutamiento y Selecci\u00f3n<\/em>,<br \/>\ny podr\u00e1s ser parte de un equipo permanente de personas capacitadas y con disposici\u00f3n para realizar reemplazos.<\/p>\n<hr class=\"my-4\" \/>\n<h3 class=\"text-center text-primary fw-bold mb-3\">Requisitos Generales<br \/>\n<small class=\"d-block text-muted fw-normal fs-6\">(Art. 12 del DFL 29\/2004 &#8211; Estatuto Administrativo)<\/small><\/h3>\n<ul class=\"list-group mx-auto mb-4 fs-6\" style=\"max-width: 750px;\">\n\t<li class=\"list-group-item text-dark fw-semibold\"><strong>I.<\/strong> Ser ciudadano o extranjero con permiso de residencia.<\/li>\n\t<li class=\"list-group-item text-dark fw-semibold\"><strong>II.<\/strong> Haber cumplido con la Ley de Reclutamiento y Movilizaci\u00f3n, cuando corresponda.<\/li>\n\t<li class=\"list-group-item text-dark fw-semibold\"><strong>III.<\/strong> Tener salud compatible con el desempe\u00f1o del cargo.<\/li>\n\t<li class=\"list-group-item text-dark fw-semibold\"><strong>IV.<\/strong> Contar con el nivel educacional, t\u00edtulo profesional o t\u00e9cnico exigido por las bases del proceso de selecci\u00f3n, acreditado mediante certificados o t\u00edtulos v\u00e1lidos.<\/li>\n\t<li class=\"list-group-item text-dark fw-semibold\"><strong>V.<\/strong> No haber cesado en un cargo p\u00fablico por calificaci\u00f3n deficiente o medida disciplinaria, salvo que hayan pasado m\u00e1s de 5 a\u00f1os desde la expiraci\u00f3n de funciones.<br \/>\n<span class=\"text-muted fst-italic\">*Este requisito se acredita mediante \u201cDeclaraci\u00f3n Jurada Simple\u201d.<\/span><\/li>\n\t<li class=\"list-group-item text-dark fw-semibold\"><strong>VI.<\/strong> No estar inhabilitado para ejercer funciones p\u00fablicas ni haber sido condenado por delitos que tengan pena de crimen o simple delito.<\/li>\n<\/ul>\n<p class=\"text-center fw-bold mt-4 mb-2 fs-4 text-success\">\ud83c\udf10 FORMULARIO DE INSCRIPCI\u00d3N EN L\u00cdNEA<\/p>\n<p class=\"text-center text-danger fw-semibold fs-6 mb-4\">(USAR GOOGLE CHROME)<\/p>\n<div class=\"card border-0 rounded-4 p-4 mx-auto\" style=\"max-width: 650px; background-color: transparent;\">\n<h3 class=\"fw-bold text-primary text-center mb-3\">Inscripci\u00f3n en L\u00ednea<\/h3>\n<p class=\"text-center text-dark fs-6 mb-3\">Selecciona tu categor\u00eda y accede al formulario<\/p>\n<form id=\"redirectForm\" class=\"mt-3\">\n<div class=\"mb-3\"><label class=\"form-label fw-semibold fs-6\" for=\"categoria\">Categor\u00eda<\/label><br \/>\n<select id=\"categoria\" class=\"form-select fs-6\" required=\"\">\n<option disabled=\"disabled\" selected=\"selected\" value=\"\">Selecciona una opci\u00f3n&#8230;<\/option>\n<option value=\"https:\/\/goo.gl\/forms\/fmRJXvxzolSz0h6g1\">Administrativos y Auxiliares de Servicio<\/option>\n<option value=\"https:\/\/goo.gl\/forms\/nOZw4MzzfZSb8g6C3\">T\u00e9cnicos Cl\u00ednicos<\/option>\n<option value=\"https:\/\/goo.gl\/forms\/Ersak9Nqpajr3dLp2\">Otros T\u00e9cnicos<\/option>\n<option value=\"https:\/\/goo.gl\/forms\/9g8dykU3vi6oO2hk2\">Profesionales Cl\u00ednicos<\/option>\n<option value=\"https:\/\/goo.gl\/forms\/CPaYKwVQ6x3G9tA22\">Otros Profesionales<\/option>\n<option value=\"https:\/\/goo.gl\/forms\/LnoJdnjoVYcpESS62\">M\u00e9dicos<\/option>\n<option value=\"https:\/\/goo.gl\/forms\/zGHAwbP7qBehFYI53\">Conductores\/as<\/option>\n<\/select><\/div>\n<div class=\"d-grid\"><button class=\"btn btn-success btn-lg rounded-pill fs-6 fw-semibold\" type=\"submit\"> Ir al Formulario <\/button><\/div>\n<input\n                    class=\"apbct_special_field apbct_email_id__elementor_form\"\n                    name=\"apbct__email_id__elementor_form\"\n                    aria-label=\"apbct__label_id__elementor_form\"\n                    type=\"text\" size=\"30\" maxlength=\"200\" autocomplete=\"off\"\n                    value=\"\"\n                \/><\/form>\n<\/div>\n<\/div>\n<p><script>\n    document.getElementById('redirectForm').addEventListener('submit', function(e) {\n      e.preventDefault();\n      const url = document.getElementById('categoria').value;\n      if(url) window.open(url, '_blank');\n    });\n  <\/script><\/p>\n<\/section>\t\t\t\t\t\t\t\t<\/div>\n\t\t\t\t<\/div>\n\t\t\t\t\t<\/div>\n\t\t<\/div>\n\t\t\t\t\t<\/div>\n\t\t<\/section>\n\t\t\t\t<\/div>\n\t\t","protected":false},"excerpt":{"rendered":"<p>Te invitamos a formar parte de nuestro Staff de Reemplazos en Hospital Base Valdivia. Para ello, debes registrar tus antecedentes y anexar tus documentos en el Formulario de Inscripci\u00f3n en L\u00ednea. Estos ser\u00e1n recepcionados por el Subdepartamento Reclutamiento y Selecci\u00f3n, y podr\u00e1s ser parte de un equipo permanente de personas capacitadas y con disposici\u00f3n para [&hellip;]<\/p>\n","protected":false},"author":7,"featured_media":0,"parent":0,"menu_order":0,"comment_status":"closed","ping_status":"closed","template":"","meta":{"_acf_changed":false,"_uag_custom_page_level_css":"","footnotes":""},"class_list":["post-2796","page","type-page","status-publish","hentry"],"acf":[],"uagb_featured_image_src":{"full":false,"thumbnail":false,"medium":false,"medium_large":false,"large":false,"1536x1536":false,"2048x2048":false,"list_articles_thumbs":false,"slider_thumbs":false},"uagb_author_info":{"display_name":"Mauricio Perez","author_link":"https:\/\/www.hbvaldivia.cl\/portal\/index.php\/author\/mperez\/"},"uagb_comment_info":0,"uagb_excerpt":"Te invitamos a formar parte de nuestro Staff de Reemplazos en Hospital Base Valdivia. Para ello, debes registrar tus antecedentes y anexar tus documentos en el Formulario de Inscripci\u00f3n en L\u00ednea. Estos ser\u00e1n recepcionados por el Subdepartamento Reclutamiento y Selecci\u00f3n, y podr\u00e1s ser parte de un equipo permanente de personas capacitadas y con disposici\u00f3n para&hellip;","_links":{"self":[{"href":"https:\/\/www.hbvaldivia.cl\/portal\/index.php\/wp-json\/wp\/v2\/pages\/2796","targetHints":{"allow":["GET"]}}],"collection":[{"href":"https:\/\/www.hbvaldivia.cl\/portal\/index.php\/wp-json\/wp\/v2\/pages"}],"about":[{"href":"https:\/\/www.hbvaldivia.cl\/portal\/index.php\/wp-json\/wp\/v2\/types\/page"}],"author":[{"embeddable":true,"href":"https:\/\/www.hbvaldivia.cl\/portal\/index.php\/wp-json\/wp\/v2\/users\/7"}],"replies":[{"embeddable":true,"href":"https:\/\/www.hbvaldivia.cl\/portal\/index.php\/wp-json\/wp\/v2\/comments?post=2796"}],"version-history":[{"count":44,"href":"https:\/\/www.hbvaldivia.cl\/portal\/index.php\/wp-json\/wp\/v2\/pages\/2796\/revisions"}],"predecessor-version":[{"id":10061,"href":"https:\/\/www.hbvaldivia.cl\/portal\/index.php\/wp-json\/wp\/v2\/pages\/2796\/revisions\/10061"}],"wp:attachment":[{"href":"https:\/\/www.hbvaldivia.cl\/portal\/index.php\/wp-json\/wp\/v2\/media?parent=2796"}],"curies":[{"name":"wp","href":"https:\/\/api.w.org\/{rel}","templated":true}]}}